{"id":29197,"date":"2023-08-10T07:52:04","date_gmt":"2023-08-10T07:52:04","guid":{"rendered":"https:\/\/www.fotocasa.es\/proyecto-vivienda\/?page_id=29197"},"modified":"2023-09-12T13:53:33","modified_gmt":"2023-09-12T13:53:33","slug":"bases-legales-sorteo-ayuda-discapacidad","status":"publish","type":"page","link":"https:\/\/www.fotocasa.es\/proyecto-vivienda\/bases-legales-sorteo-ayuda-discapacidad\/","title":{"rendered":"Bases legales sorteo Ayuda discapacidad"},"content":{"rendered":"\t\t<div data-elementor-type=\"wp-page\" data-elementor-id=\"29197\" class=\"elementor elementor-29197\" data-elementor-post-type=\"page\">\n\t\t\t\t<div class=\"elementor-element elementor-element-d1cbd64 promo-vaciada e-flex e-con-boxed e-con e-parent\" data-id=\"d1cbd64\" data-element_type=\"container\" data-e-type=\"container\" data-settings=\"{&quot;background_background&quot;:&quot;classic&quot;,&quot;animation&quot;:&quot;none&quot;,&quot;animation_mobile&quot;:&quot;none&quot;}\">\n\t\t\t\t\t<div class=\"e-con-inner\">\n\t\t<div class=\"elementor-element elementor-element-92f32d9 e-con-full animated-slow e-flex e-con e-parent\" data-id=\"92f32d9\" data-element_type=\"container\" data-e-type=\"container\" data-settings=\"{&quot;animation&quot;:&quot;none&quot;}\">\n\t\t\t\t<div class=\"elementor-element elementor-element-49ba0a7 elementor-widget elementor-widget-heading\" data-id=\"49ba0a7\" data-element_type=\"widget\" data-e-type=\"widget\" data-widget_type=\"heading.default\">\n\t\t\t\t<div class=\"elementor-widget-container\">\n\t\t\t\t\t<h2 class=\"elementor-heading-title elementor-size-default\">Bases y condiciones legales\npara la participaci\u00f3n en el Sorteo de Ayuda a Personas con Discapacidad\ndel Proyecto Vivienda de Fotocasa\n<\/h2>\t\t\t\t<\/div>\n\t\t\t\t<\/div>\n\t\t\t\t<div class=\"elementor-element elementor-element-0416720 elementor-widget elementor-widget-text-editor\" data-id=\"0416720\" data-element_type=\"widget\" data-e-type=\"widget\" data-widget_type=\"text-editor.default\">\n\t\t\t\t<div class=\"elementor-widget-container\">\n\t\t\t\t\t\t\t\t\t<p><b>1- Datos identificativos del Organizador<\/b><\/p>\n<p><\/p>\n<p><span style=\"font-weight: 400;\">ADEVINTA SPAIN, S.L.U. (en adelante, \u201cAdevinta o el Organizador\u201d) con domicilio en Calle Hernani 59, plantas 1\u00aa, CP 28020, Madrid, Espa\u00f1a, con NIF: B-8411652.<\/span><\/p>\n<p><\/p>\n<p><b>2- Objetivo del Sorteo&nbsp;<\/b><\/p>\n<p><\/p>\n<p><span style=\"font-weight: 400;\">El objetivo del sorteo de Ayuda a Personas con Discapacidad de Fotocasa (en adelante, el \u201cSorteo\u201d) es ayudar a los colectivos vulnerables, como lo son las personas con discapacidad, facilit\u00e1ndoles una ayuda para la mejor accesibilidad de su vivienda, para ello desde Fotocasa queremos ofrecerles de forma semanal a las personas con discapacidad o personas que tengan un familiar dependiente con discapacidad y que cumplan las presentes condiciones, la oportunidad de ganar SETECIENTOS EUROS (700\u20ac) para que lo puedan destinar a mejorar la accesibilidad de su vivienda. Para m\u00e1s informaci\u00f3n sobre el Sorteo y sus finalidades, consultar <\/span><a href=\"http:\/\/www.fotocasa.es\/proyecto-vivienda\"><span style=\"font-weight: 400;\">www.fotocasa.es\/proyecto-vivienda<\/span><\/a><span style=\"font-weight: 400;\">.<\/span><\/p>\n<p><\/p>\n<p><b>3- Descripci\u00f3n del premio<\/b><\/p>\n<p><\/p>\n<p><span style=\"font-weight: 400;\">El ganador o ganadora ser\u00e1 premiado con SETECIENTOS EUROS (700\u20ac) en met\u00e1lico, valor sujeto a las retenciones fiscales correspondientes explicadas en la cl\u00e1usula 8.<\/span><\/p>\n<p><\/p>\n<p><b>4- Condiciones para la participaci\u00f3n en el Sorteo<\/b><\/p>\n<p><\/p>\n<p>Entrar\u00e1n en el Sorteo todos aquellos participantes que cumplan las siguientes condiciones y cumplan con las presentes Bases Legales:<\/p>\n<ol>\n<li>Ser mayor de edad.<\/li>\n<li>Residencia en Espa\u00f1a (Pen\u00ednsula, Baleares, Canarias, Ceuta y Melilla).<\/li>\n<li>Condici\u00f3n de discapacidad:\n<ul>\n<li>Ser una persona con una discapacidad en grado igual o superior al 33%; o<\/li>\n<li>Tener a familiar dependiente hasta primer grado de consanguinidad o afinidad con discapacidad en grado igual o superior al 33% La dependencia de la persona familiar deber\u00e1 ser Servera (grado II) o gran dependencia (grado III).<\/li>\n<\/ul>\n<\/li>\n<li>Condici\u00f3n econ\u00f3mica:\n<ul>\n<li><span style=\"text-decoration: underline;\">En el supuesto de participante con discapacidad:<\/span> deber\u00e1 encontrarse en situaci\u00f3n de desempleo, o ser trabajador por cuenta ajena con un salario bruto anual inferior o igual a 31.000 euros, o ser trabajador aut\u00f3nomo con ingresos brutos inferiores o iguales a 31.000 euros anuales.<\/li>\n<li style=\"font-weight: 400;\" aria-level=\"2\"><span style=\"text-decoration: underline;\"><span style=\"font-weight: 400;\">En el supuesto de participante con discapacidad de un familiar dependiente<\/span><\/span><span style=\"font-weight: 400;\"><span style=\"text-decoration: underline;\">:<\/span> la unidad de convivencia no debe tener rentas econ\u00f3micas que en su c\u00f3mputo anual superen los siguientes importes:&nbsp;<\/span><br>\n<table dir=\"ltr\" cellspacing=\"0\" cellpadding=\"0\">\n<colgroup>\n<col width=\"114\">\n<col width=\"273\"><\/colgroup>\n<tbody>\n<tr>\n<td data-sheets-value=\"{&quot;1&quot;:2,&quot;2&quot;:&quot;Miembros de la unidad familiar&quot;}\">Miembros de la unidad familiar<\/td>\n<td data-sheets-value=\"{&quot;1&quot;:2,&quot;2&quot;:&quot;Renta anual no puede superar el siguiente importe:&quot;}\">Renta anual no puede superar el siguiente importe:<\/td>\n<\/tr>\n<tr>\n<td data-sheets-value=\"{&quot;1&quot;:3,&quot;3&quot;:2}\">2<\/td>\n<td data-sheets-value=\"{&quot;1&quot;:2,&quot;2&quot;:&quot;6 x IPREM anual = 41689,44&quot;}\" data-sheets-numberformat=\"{&quot;1&quot;:2,&quot;2&quot;:&quot;_-* #,##0.00\\\\ [$\u20ac-C0A]_-;\\\\-* #,##0.00\\\\ [$\u20ac-C0A]_-;_-* \\&quot;-\\&quot;??\\\\ [$\u20ac-C0A]_-;_-@&quot;,&quot;3&quot;:1}\" data-sheets-formula=\"=CONCATENAR(R[-13]C[2];R[0]C[2];R[-13]C[3])\">6 x IPREM anual = 41689,44<\/td>\n<\/tr>\n<tr>\n<td data-sheets-value=\"{&quot;1&quot;:3,&quot;3&quot;:3}\">3<\/td>\n<td data-sheets-value=\"{&quot;1&quot;:2,&quot;2&quot;:&quot;6,5 x IPREM anual = 45163,56&quot;}\" data-sheets-numberformat=\"{&quot;1&quot;:2,&quot;2&quot;:&quot;_-* #,##0.00\\\\ [$\u20ac-C0A]_-;\\\\-* #,##0.00\\\\ [$\u20ac-C0A]_-;_-* \\&quot;-\\&quot;??\\\\ [$\u20ac-C0A]_-;_-@&quot;,&quot;3&quot;:1}\" data-sheets-formula=\"=CONCATENAR(R[-13]C[2];R[0]C[2];R[-13]C[3])\">6,5 x IPREM anual = 45163,56<\/td>\n<\/tr>\n<tr>\n<td data-sheets-value=\"{&quot;1&quot;:3,&quot;3&quot;:4}\">4<\/td>\n<td data-sheets-value=\"{&quot;1&quot;:2,&quot;2&quot;:&quot;7 x IPREM anual = 48637,68&quot;}\" data-sheets-numberformat=\"{&quot;1&quot;:2,&quot;2&quot;:&quot;_-* #,##0.00\\\\ [$\u20ac-C0A]_-;\\\\-* #,##0.00\\\\ [$\u20ac-C0A]_-;_-* \\&quot;-\\&quot;??\\\\ [$\u20ac-C0A]_-;_-@&quot;,&quot;3&quot;:1}\" data-sheets-formula=\"=CONCATENAR(R[-13]C[2];R[0]C[2];R[-13]C[3])\">7 x IPREM anual = 48637,68<\/td>\n<\/tr>\n<tr>\n<td data-sheets-value=\"{&quot;1&quot;:3,&quot;3&quot;:5}\">5<\/td>\n<td data-sheets-value=\"{&quot;1&quot;:2,&quot;2&quot;:&quot;7,5 x IPREM anual = 52111,8&quot;}\" data-sheets-numberformat=\"{&quot;1&quot;:2,&quot;2&quot;:&quot;_-* #,##0.00\\\\ [$\u20ac-C0A]_-;\\\\-* #,##0.00\\\\ [$\u20ac-C0A]_-;_-* \\&quot;-\\&quot;??\\\\ [$\u20ac-C0A]_-;_-@&quot;,&quot;3&quot;:1}\" data-sheets-formula=\"=CONCATENAR(R[-13]C[2];R[0]C[2];R[-13]C[3])\">7,5 x IPREM anual = 52111,8<\/td>\n<\/tr>\n<tr>\n<td data-sheets-value=\"{&quot;1&quot;:3,&quot;3&quot;:6}\">6<\/td>\n<td data-sheets-value=\"{&quot;1&quot;:2,&quot;2&quot;:&quot;8 x IPREM anual = 55585,92&quot;}\" data-sheets-numberformat=\"{&quot;1&quot;:2,&quot;2&quot;:&quot;_-* #,##0.00\\\\ [$\u20ac-C0A]_-;\\\\-* #,##0.00\\\\ [$\u20ac-C0A]_-;_-* \\&quot;-\\&quot;??\\\\ [$\u20ac-C0A]_-;_-@&quot;,&quot;3&quot;:1}\" data-sheets-formula=\"=CONCATENAR(R[-13]C[2];R[0]C[2];R[-13]C[3])\">8 x IPREM anual = 55585,92<\/td>\n<\/tr>\n<tr>\n<td data-sheets-value=\"{&quot;1&quot;:3,&quot;3&quot;:7}\">7<\/td>\n<td data-sheets-value=\"{&quot;1&quot;:2,&quot;2&quot;:&quot;8,5 x IPREM anual = 59060,04&quot;}\" data-sheets-numberformat=\"{&quot;1&quot;:2,&quot;2&quot;:&quot;_-* #,##0.00\\\\ [$\u20ac-C0A]_-;\\\\-* #,##0.00\\\\ [$\u20ac-C0A]_-;_-* \\&quot;-\\&quot;??\\\\ [$\u20ac-C0A]_-;_-@&quot;,&quot;3&quot;:1}\" data-sheets-formula=\"=CONCATENAR(R[-13]C[2];R[0]C[2];R[-13]C[3])\">8,5 x IPREM anual = 59060,04<\/td>\n<\/tr>\n<tr>\n<td data-sheets-value=\"{&quot;1&quot;:3,&quot;3&quot;:8}\">8<\/td>\n<td data-sheets-value=\"{&quot;1&quot;:2,&quot;2&quot;:&quot;9 x IPREM anual = 62534,16&quot;}\" data-sheets-numberformat=\"{&quot;1&quot;:2,&quot;2&quot;:&quot;_-* #,##0.00\\\\ [$\u20ac-C0A]_-;\\\\-* #,##0.00\\\\ [$\u20ac-C0A]_-;_-* \\&quot;-\\&quot;??\\\\ [$\u20ac-C0A]_-;_-@&quot;,&quot;3&quot;:1}\" data-sheets-formula=\"=CONCATENAR(R[-13]C[2];R[0]C[2];R[-13]C[3])\">9 x IPREM anual = 62534,16<\/td>\n<\/tr>\n<tr>\n<td data-sheets-value=\"{&quot;1&quot;:2,&quot;2&quot;:&quot;A partir del octavo integrante&quot;}\">A partir del octavo integrante<\/td>\n<td data-sheets-value=\"{&quot;1&quot;:2,&quot;2&quot;:&quot;El factor multiplicador se incrementar\u00e1 en 0.5 respecto de la unidad de convivencia inmediatamente anterior.&quot;}\">El factor multiplicador se incrementar\u00e1 en 0.5 respecto de la unidad de convivencia inmediatamente anterior.<\/td>\n<\/tr>\n<\/tbody>\n<\/table>\n<\/li>\n<\/ul>\n<\/li>\n<li>Que se den de alta en para su participaci\u00f3n en el Sorteo semanal a trav\u00e9s del formulario que Fotocasa pone a su disposici\u00f3n en facilitando de forma correcta los datos requeridos.<\/li>\n<\/ol>\n<p><b>5- Funcionamiento del Sorteo<\/b><\/p>\n<p><\/p>\n<p><span style=\"font-weight: 400;\">Durante el plazo de duraci\u00f3n del Sorteo (desde el 11 de septiembre de 2023 hasta el 05 de noviembre de 2023), de forma semanal, se cerrar\u00e1 el Sorteo entre todos los participantes inscritos durante dicha semana (inici\u00e1ndose el lunes a las 00:00h y finalizando el domingo a las 23:59h) que cumplan las presentes condiciones y, de forma aleatoria, se escoger\u00e1 a un ganador y a 5 suplentes.&nbsp;<\/span><\/p>\n<p><\/p>\n<p><span style=\"font-weight: 400;\">El sorteo para la elecci\u00f3n del ganador se realizar\u00e1 el siguiente d\u00eda laborable tras el cierre del Sorteo de la semana, a trav\u00e9s de la aplicaci\u00f3n <\/span><a href=\"https:\/\/app-sorteos.com\/es\"><span style=\"font-weight: 400;\">https:\/\/app-sorteos.com\/es<\/span><\/a> <span style=\"font-weight: 400;\">con la presencia de un integrante del departamento de Marketing de Fotocasa.<\/span><\/p>\n<p><\/p>\n<p><span style=\"font-weight: 400;\">Adevinta se pondr\u00e1 en contacto con el ganador a trav\u00e9s del correo electr\u00f3nico facilitado por el participante en el momento de darse de alta en el Sorteo, con el fin de gestionar la entrega del premio de acuerdo con las siguientes condiciones.<\/span><\/p>\n<p><\/p>\n<p><span style=\"font-weight: 400;\">La comunicaci\u00f3n con la persona ganadora se har\u00e1 como m\u00e1ximo en el plazo de tres (3) d\u00edas naturales desde la fecha de celebraci\u00f3n del Sorteo correspondiente para dicha semana.&nbsp;<\/span><\/p>\n<p><\/p>\n<p><span style=\"font-weight: 400;\">Transcurridas 72 horas desde la puesta en contacto con la persona ganadora, y en caso de que no responda o no facilite los documentos acreditativos o si se verifica que los datos facilitados son falsos y\/o incorrectos, su participaci\u00f3n quedar\u00e1 descalificada y Adevinta proceder\u00e1 a contactar al primer usuario que figure en la lista de los 5 suplentes. En caso de que sucediera lo mismo con alguno de los suplentes, Adevinta ir\u00eda contactando con los siguientes de la lista hasta obtener respuesta o poder certificar la veracidad de los documentos o datos facilitados. En caso de que Adevinta no consiga contactar con ninguno de los 5 suplentes o no consiga certificar los datos o documentaciones de los mismos, transcurridos 30 d\u00edas, el premio se declarar\u00e1 desierto.&nbsp;<\/span><\/p>\n<p><\/p>\n<p><span style=\"font-weight: 400;\">Una vez confirmado el ganador de la semana, sus datos (nombre y apellidos) se har\u00e1n p\u00fablicos en: <\/span><a href=\"http:\/\/www.fotocasa.es\/proyecto-vivienda\"><span style=\"font-weight: 400;\">www.fotocasa.es\/proyecto-vivienda<\/span><\/a><span style=\"font-weight: 400;\">.<\/span><\/p>\n<p><\/p>\n<p><b>6- Normas de participaci\u00f3n<\/b><\/p>\n<p><\/p>\n<p><span style=\"font-weight: 400;\">La participaci\u00f3n en el presente Sorteo est\u00e1 sujeta al cumplimiento de las siguientes normas:<\/span><\/p>\n<ul>\n<li style=\"font-weight: 400;\" aria-level=\"1\"><span style=\"font-weight: 400;\">Darse de alta en el Sorteo, facilitando datos ciertos y veraces. Cualquier falsedad detectada en los datos proporcionados por los participantes conllevar\u00e1 la exclusi\u00f3n de su participaci\u00f3n.<\/span><\/li>\n<li style=\"font-weight: 400;\" aria-level=\"1\"><span style=\"font-weight: 400;\">Participaci\u00f3n semanal, es decir, solo se tendr\u00e1 en cuenta la participaci\u00f3n realizada para la semana en que se realice el sorteo, debi\u00e9ndose apuntar nuevamente para los sorteos de las siguientes semanas. \u00danicamente quedan excluidos para volverse a apuntar nuevamente para los sorteos de las siguientes semanas los que resulten ganadores del Sorteo.<\/span><\/li>\n<li style=\"font-weight: 400;\" aria-level=\"1\"><span style=\"font-weight: 400;\">Adevinta se reserva el derecho a solicitar a los participantes que aporten la documentaci\u00f3n necesaria para acreditar la veracidad de sus datos. <\/span><span style=\"font-weight: 400;\">&nbsp;<\/span><span style=\"font-weight: 400;\">La falta de aportaci\u00f3n de dicha documentaci\u00f3n dar\u00e1 lugar a la imposibilidad de que podamos tramitar tu participaci\u00f3n en el sorteo. En concreto se va a requerir la aportaci\u00f3n de los siguientes documentos:<\/span>\n<ul>\n<li style=\"font-weight: 400;\" aria-level=\"1\"><span style=\"text-decoration: underline;\"><span style=\"font-weight: 400;\">En el supuesto de <\/span><span style=\"font-weight: 400;\">discapacidad de la persona participante<\/span><span style=\"font-weight: 400;\"> en el Sorteo:&nbsp;<\/span><\/span>\n<ol>\n<li><span style=\"font-weight: 400;\">Identificaci\u00f3n del participante:<\/span>\n<ul>\n<li><span style=\"font-weight: 400;\">DNI del participante.<\/span><\/li>\n<\/ul>\n<\/li>\n<li><span style=\"font-weight: 400;\">Reconocimiento de la discapacidad:<\/span>\n<ul>\n<li><span style=\"font-weight: 400;\">Resoluci\u00f3n de reconocimiento, tarjeta acreditativa o certificado de valoraci\u00f3n de la situaci\u00f3n de discapacidad (grado igual o superior al 33%).<\/span><\/li>\n<\/ul>\n<\/li>\n<li><span style=\"font-weight: 400;\">Acreditaci\u00f3n de la situaci\u00f3n econ\u00f3mica:<\/span>\n<ul>\n<li><span style=\"font-weight: 400;\">Documentaci\u00f3n relativa a la situaci\u00f3n econ\u00f3mica del participante: \u00faltima declaraci\u00f3n de la renta presentada o en su defecto, certificado de retenciones e ingresos a cuenta del IRPF o justificante de encontrarse en situaci\u00f3n de desempleo, o cualquier otro documento oficial que permita justificar que se cumple con el requisito del salario bruto anual.<\/span><\/li>\n<\/ul>\n<\/li>\n<\/ol>\n<\/li>\n<\/ul>\n<\/li>\n<\/ul>\n<ol>\n<li style=\"list-style-type: none;\">&nbsp;<\/li>\n<\/ol>\n<ul>\n<li style=\"list-style-type: none;\">\n<ul>\n<li><span style=\"text-decoration: underline;\"><span style=\"font-weight: 400;\">En el supuesto de <\/span><span style=\"font-weight: 400;\">familiares dependientes con discapacidad de la persona participante<\/span><span style=\"font-weight: 400;\"> en el Sorteo:<\/span><\/span>\n<ol>\n<li style=\"font-weight: 400;\" aria-level=\"2\"><span style=\"font-weight: 400;\">Datos identificativos:&nbsp;<\/span>\n<ul>\n<li style=\"font-weight: 400;\" aria-level=\"2\"><span style=\"font-weight: 400;\">DNI del participante.<\/span><\/li>\n<li style=\"font-weight: 400;\" aria-level=\"2\"><span style=\"font-weight: 400;\">DNI del familiar dependiente con discapacidad.<\/span><\/li>\n<\/ul>\n<\/li>\n<li style=\"font-weight: 400;\" aria-level=\"2\">Acreditaci\u00f3n de la convivencia o dependencia:\n<ul>\n<li style=\"font-weight: 400;\" aria-level=\"2\"><span style=\"font-weight: 400;\">Resoluci\u00f3n del reconocimiento de la situaci\u00f3n de dependencia (dependencia severa (grado II) y gran dependencia (grado III).<\/span><\/li>\n<li style=\"font-weight: 400;\" aria-level=\"2\"><span style=\"font-weight: 400;\">Documentaci\u00f3n acreditativa de la unidad de convivencia: certificado de convivencia del Ayuntamiento.<\/span><\/li>\n<\/ul>\n<\/li>\n<li style=\"font-weight: 400;\" aria-level=\"2\"><span style=\"font-weight: 400;\">Reconocimiento de la discapacidad:<\/span>\n<ul>\n<li style=\"font-weight: 400;\" aria-level=\"2\"><span style=\"font-weight: 400;\">Resoluci\u00f3n de reconocimiento, tarjeta acreditativa o certificado de valoraci\u00f3n de la situaci\u00f3n de discapacidad (grado igual o superior al 33%).<\/span><\/li>\n<\/ul>\n<\/li>\n<li style=\"font-weight: 400;\" aria-level=\"2\"><span style=\"font-weight: 400;\">Acreditaci\u00f3n de la situaci\u00f3n econ\u00f3mica:<\/span>\n<ul>\n<li style=\"font-weight: 400;\" aria-level=\"2\"><span style=\"font-weight: 400;\">Documentaci\u00f3n relativa a la situaci\u00f3n econ\u00f3mica de la unidad de convivencia: \u00faltima declaraci\u00f3n de la renta presentada de todos los miembros de la unidad familiar o en su defecto, certificado de retenciones e ingresos a cuenta del IRPF o justificante de encontrarse en situaci\u00f3n de desempleo, o cualquier otro documento oficial que permita justificar que la unidad familiar cumple con este requisito de situaci\u00f3n econ\u00f3mica.&nbsp;<\/span><\/li>\n<\/ul>\n<\/li>\n<\/ol>\n<\/li>\n<\/ul>\n<\/li>\n<\/ul>\n<ol>\n<li style=\"list-style-type: none;\">\n<ol>\n<li style=\"list-style-type: none;\">&nbsp;<\/li>\n<\/ol>\n<\/li>\n<\/ol>\n<ul>\n<li style=\"font-weight: 400;\" aria-level=\"1\"><span style=\"font-weight: 400;\">El mero hecho de participar en el Sorteo implica la aceptaci\u00f3n \u00edntegra de las bases de este; ante posibles dudas de interpretaci\u00f3n siempre prevalecer\u00e1 el criterio de Adevinta.<\/span><\/li>\n<li style=\"font-weight: 400;\" aria-level=\"1\"><span style=\"font-weight: 400;\">Quedan excluidos del sorteo todos los empleados de Adevinta y sus familiares directos.<\/span><\/li>\n<li style=\"font-weight: 400;\" aria-level=\"1\"><span style=\"font-weight: 400;\">Adevinta se reserva el derecho de modificar las bases del sorteo, parcial o totalmente en cualquier momento, sin previo aviso. As\u00ed mismo se reserva tambi\u00e9n el derecho a anularlo, a dejar los premios desiertos o revocarlos en caso de detectarse alguna irregularidad.<\/span><\/li>\n<li style=\"font-weight: 400;\" aria-level=\"1\"><span style=\"font-weight: 400;\">En caso de sufrir ataques inform\u00e1ticos que dificulten o impidan la correcta gesti\u00f3n del Sorteo, Adevinta se reserva el derecho de anular el Sorteo.<\/span><\/li>\n<li style=\"font-weight: 400;\" aria-level=\"1\"><span style=\"font-weight: 400;\">Las bases del presente sorteo est\u00e1n sujetas a la legislaci\u00f3n espa\u00f1ola y a la jurisdicci\u00f3n exclusiva de los tribunales de la ciudad de Barcelona.<\/span><\/li>\n<\/ul>\n<p><b>7- Datos personales<\/b><\/p>\n<p><\/p>\n<p><span style=\"font-weight: 400;\">Para informarte de c\u00f3mo trataremos tus datos puedes consultar nuestra Pol\u00edtica de Privacidad en: <\/span><a href=\"https:\/\/www.fotocasa.es\/proyecto-vivienda\/politica-privacidad\/\"><span style=\"font-weight: 400;\">https:\/\/www.fotocasa.es\/proyecto-vivienda\/politica-privacidad\/<\/span><\/a><\/p>\n<p><\/p>\n<p><b>8- Entrega del premio<\/b><\/p>\n<p><\/p>\n<p><span style=\"font-weight: 400;\">Adevinta se encargar\u00e1 de entregar el premio por transferencia bancaria. <\/span><span style=\"font-weight: 400;\">El presente premio obtenido en la participaci\u00f3n del sorteo se considera una ganancia patrimonial tributable en el impuesto de la Renta de las personas f\u00edsicas y, como tal, el valor del premio obtenido debe incluirse en la base general del impuesto de la declaraci\u00f3n anual de la renta (art.101.7 LIRPF). Por ello, el Organizador proceder\u00e1 a practicar la retenci\u00f3n oportuna y a ingresar en la Hacienda P\u00fablica, por nombre y cuenta del ganador, las cantidades que correspondan en concepto de IRPF e IVA. <\/span><span style=\"font-weight: 400;\">En este sentido, una vez practicadas las retenciones oportunas, <\/span><b>el valor neto del Premio ser\u00e1 de 700\u20ac.<\/b> <span style=\"font-weight: 400;\">Para ello, se solicitar\u00e1 al ganador los siguientes datos para la entrega del premio: nombre y apellidos, DNI, domicilio y email.<\/span><\/p>\t\t\t\t\t\t\t\t<\/div>\n\t\t\t\t<\/div>\n\t\t\t\t<\/div>\n\t\t\t\t\t<\/div>\n\t\t\t\t<\/div>\n\t\t\t\t<\/div>\n\t\t","protected":false},"excerpt":{"rendered":"<p>Bases y condiciones legales para la participaci\u00f3n en el Sorteo de Ayuda a Personas con Discapacidad del Proyecto Vivienda de Fotocasa 1- Datos identificativos del Organizador ADEVINTA SPAIN, S.L.U. (en adelante, \u201cAdevinta o el Organizador\u201d) con domicilio en Calle Hernani 59, plantas 1\u00aa, CP 28020, Madrid, Espa\u00f1a, con NIF: B-8411652. 2- Objetivo del Sorteo&nbsp; El [&hellip;]<\/p>\n","protected":false},"author":1,"featured_media":0,"parent":0,"menu_order":0,"comment_status":"closed","ping_status":"closed","template":"","meta":{"footnotes":""},"class_list":["post-29197","page","type-page","status-publish","hentry"],"yoast_head":"<!-- This site is optimized with the Yoast SEO plugin v27.5 - https:\/\/yoast.com\/product\/yoast-seo-wordpress\/ -->\n<title>Bases legales sorteo Ayuda discapacidad - Fotocasa: Proyecto Vivienda<\/title>\n<meta name=\"robots\" content=\"index, follow, max-snippet:-1, max-image-preview:large, max-video-preview:-1\" \/>\n<link rel=\"canonical\" href=\"https:\/\/www.fotocasa.es\/proyecto-vivienda\/bases-legales-sorteo-ayuda-discapacidad\/\" \/>\n<meta property=\"og:locale\" content=\"es_ES\" \/>\n<meta property=\"og:type\" content=\"article\" \/>\n<meta property=\"og:title\" content=\"Bases legales sorteo Ayuda discapacidad - Fotocasa: Proyecto Vivienda\" \/>\n<meta property=\"og:description\" content=\"Bases y condiciones legales para la participaci\u00f3n en el Sorteo de Ayuda a Personas con Discapacidad del Proyecto Vivienda de Fotocasa 1- Datos identificativos del Organizador ADEVINTA SPAIN, S.L.U. (en adelante, \u201cAdevinta o el Organizador\u201d) con domicilio en Calle Hernani 59, plantas 1\u00aa, CP 28020, Madrid, Espa\u00f1a, con NIF: B-8411652. 2- Objetivo del Sorteo&nbsp; El [&hellip;]\" \/>\n<meta property=\"og:url\" content=\"https:\/\/www.fotocasa.es\/proyecto-vivienda\/bases-legales-sorteo-ayuda-discapacidad\/\" \/>\n<meta property=\"og:site_name\" content=\"Fotocasa: Proyecto Vivienda\" \/>\n<meta property=\"article:modified_time\" content=\"2023-09-12T13:53:33+00:00\" \/>\n<meta name=\"twitter:card\" content=\"summary_large_image\" \/>\n<meta name=\"twitter:label1\" content=\"Tiempo de lectura\" \/>\n\t<meta name=\"twitter:data1\" content=\"7 minutos\" \/>\n<script type=\"application\/ld+json\" class=\"yoast-schema-graph\">{\"@context\":\"https:\\\/\\\/schema.org\",\"@graph\":[{\"@type\":\"WebPage\",\"@id\":\"https:\\\/\\\/www.fotocasa.es\\\/proyecto-vivienda\\\/bases-legales-sorteo-ayuda-discapacidad\\\/\",\"url\":\"https:\\\/\\\/www.fotocasa.es\\\/proyecto-vivienda\\\/bases-legales-sorteo-ayuda-discapacidad\\\/\",\"name\":\"Bases legales sorteo Ayuda discapacidad - Fotocasa: Proyecto Vivienda\",\"isPartOf\":{\"@id\":\"https:\\\/\\\/www.fotocasa.es\\\/proyecto-vivienda\\\/#website\"},\"datePublished\":\"2023-08-10T07:52:04+00:00\",\"dateModified\":\"2023-09-12T13:53:33+00:00\",\"breadcrumb\":{\"@id\":\"https:\\\/\\\/www.fotocasa.es\\\/proyecto-vivienda\\\/bases-legales-sorteo-ayuda-discapacidad\\\/#breadcrumb\"},\"inLanguage\":\"es\",\"potentialAction\":[{\"@type\":\"ReadAction\",\"target\":[\"https:\\\/\\\/www.fotocasa.es\\\/proyecto-vivienda\\\/bases-legales-sorteo-ayuda-discapacidad\\\/\"]}]},{\"@type\":\"BreadcrumbList\",\"@id\":\"https:\\\/\\\/www.fotocasa.es\\\/proyecto-vivienda\\\/bases-legales-sorteo-ayuda-discapacidad\\\/#breadcrumb\",\"itemListElement\":[{\"@type\":\"ListItem\",\"position\":1,\"name\":\"Home\",\"item\":\"https:\\\/\\\/www.fotocasa.es\\\/proyecto-vivienda\\\/\"},{\"@type\":\"ListItem\",\"position\":2,\"name\":\"Bases legales sorteo Ayuda discapacidad\"}]},{\"@type\":\"WebSite\",\"@id\":\"https:\\\/\\\/www.fotocasa.es\\\/proyecto-vivienda\\\/#website\",\"url\":\"https:\\\/\\\/www.fotocasa.es\\\/proyecto-vivienda\\\/\",\"name\":\"Fotocasa: Proyecto Vivienda\",\"description\":\"Una iniciativa para ayudar a los j\u00f3venes y otros colectivos con ayudas, herramientas e informaci\u00f3n para ayudar a acceder a la vivienda a quien m\u00e1s lo necesita.\",\"publisher\":{\"@id\":\"https:\\\/\\\/www.fotocasa.es\\\/proyecto-vivienda\\\/#organization\"},\"potentialAction\":[{\"@type\":\"SearchAction\",\"target\":{\"@type\":\"EntryPoint\",\"urlTemplate\":\"https:\\\/\\\/www.fotocasa.es\\\/proyecto-vivienda\\\/?s={search_term_string}\"},\"query-input\":{\"@type\":\"PropertyValueSpecification\",\"valueRequired\":true,\"valueName\":\"search_term_string\"}}],\"inLanguage\":\"es\"},{\"@type\":\"Organization\",\"@id\":\"https:\\\/\\\/www.fotocasa.es\\\/proyecto-vivienda\\\/#organization\",\"name\":\"Fotocasa: Proyecto Vivienda\",\"url\":\"https:\\\/\\\/www.fotocasa.es\\\/proyecto-vivienda\\\/\",\"logo\":{\"@type\":\"ImageObject\",\"inLanguage\":\"es\",\"@id\":\"https:\\\/\\\/www.fotocasa.es\\\/proyecto-vivienda\\\/#\\\/schema\\\/logo\\\/image\\\/\",\"url\":\"https:\\\/\\\/www.fotocasa.es\\\/proyecto-vivienda\\\/wp-content\\\/uploads\\\/2022\\\/07\\\/logo-baja-1.png\",\"contentUrl\":\"https:\\\/\\\/www.fotocasa.es\\\/proyecto-vivienda\\\/wp-content\\\/uploads\\\/2022\\\/07\\\/logo-baja-1.png\",\"width\":500,\"height\":250,\"caption\":\"Fotocasa: Proyecto Vivienda\"},\"image\":{\"@id\":\"https:\\\/\\\/www.fotocasa.es\\\/proyecto-vivienda\\\/#\\\/schema\\\/logo\\\/image\\\/\"}}]}<\/script>\n<!-- \/ Yoast SEO plugin. -->","yoast_head_json":{"title":"Bases legales sorteo Ayuda discapacidad - Fotocasa: Proyecto Vivienda","robots":{"index":"index","follow":"follow","max-snippet":"max-snippet:-1","max-image-preview":"max-image-preview:large","max-video-preview":"max-video-preview:-1"},"canonical":"https:\/\/www.fotocasa.es\/proyecto-vivienda\/bases-legales-sorteo-ayuda-discapacidad\/","og_locale":"es_ES","og_type":"article","og_title":"Bases legales sorteo Ayuda discapacidad - Fotocasa: Proyecto Vivienda","og_description":"Bases y condiciones legales para la participaci\u00f3n en el Sorteo de Ayuda a Personas con Discapacidad del Proyecto Vivienda de Fotocasa 1- Datos identificativos del Organizador ADEVINTA SPAIN, S.L.U. (en adelante, \u201cAdevinta o el Organizador\u201d) con domicilio en Calle Hernani 59, plantas 1\u00aa, CP 28020, Madrid, Espa\u00f1a, con NIF: B-8411652. 2- Objetivo del Sorteo&nbsp; El [&hellip;]","og_url":"https:\/\/www.fotocasa.es\/proyecto-vivienda\/bases-legales-sorteo-ayuda-discapacidad\/","og_site_name":"Fotocasa: Proyecto Vivienda","article_modified_time":"2023-09-12T13:53:33+00:00","twitter_card":"summary_large_image","twitter_misc":{"Tiempo de lectura":"7 minutos"},"schema":{"@context":"https:\/\/schema.org","@graph":[{"@type":"WebPage","@id":"https:\/\/www.fotocasa.es\/proyecto-vivienda\/bases-legales-sorteo-ayuda-discapacidad\/","url":"https:\/\/www.fotocasa.es\/proyecto-vivienda\/bases-legales-sorteo-ayuda-discapacidad\/","name":"Bases legales sorteo Ayuda discapacidad - Fotocasa: Proyecto Vivienda","isPartOf":{"@id":"https:\/\/www.fotocasa.es\/proyecto-vivienda\/#website"},"datePublished":"2023-08-10T07:52:04+00:00","dateModified":"2023-09-12T13:53:33+00:00","breadcrumb":{"@id":"https:\/\/www.fotocasa.es\/proyecto-vivienda\/bases-legales-sorteo-ayuda-discapacidad\/#breadcrumb"},"inLanguage":"es","potentialAction":[{"@type":"ReadAction","target":["https:\/\/www.fotocasa.es\/proyecto-vivienda\/bases-legales-sorteo-ayuda-discapacidad\/"]}]},{"@type":"BreadcrumbList","@id":"https:\/\/www.fotocasa.es\/proyecto-vivienda\/bases-legales-sorteo-ayuda-discapacidad\/#breadcrumb","itemListElement":[{"@type":"ListItem","position":1,"name":"Home","item":"https:\/\/www.fotocasa.es\/proyecto-vivienda\/"},{"@type":"ListItem","position":2,"name":"Bases legales sorteo Ayuda discapacidad"}]},{"@type":"WebSite","@id":"https:\/\/www.fotocasa.es\/proyecto-vivienda\/#website","url":"https:\/\/www.fotocasa.es\/proyecto-vivienda\/","name":"Fotocasa: Proyecto Vivienda","description":"Una iniciativa para ayudar a los j\u00f3venes y otros colectivos con ayudas, herramientas e informaci\u00f3n para ayudar a acceder a la vivienda a quien m\u00e1s lo necesita.","publisher":{"@id":"https:\/\/www.fotocasa.es\/proyecto-vivienda\/#organization"},"potentialAction":[{"@type":"SearchAction","target":{"@type":"EntryPoint","urlTemplate":"https:\/\/www.fotocasa.es\/proyecto-vivienda\/?s={search_term_string}"},"query-input":{"@type":"PropertyValueSpecification","valueRequired":true,"valueName":"search_term_string"}}],"inLanguage":"es"},{"@type":"Organization","@id":"https:\/\/www.fotocasa.es\/proyecto-vivienda\/#organization","name":"Fotocasa: Proyecto Vivienda","url":"https:\/\/www.fotocasa.es\/proyecto-vivienda\/","logo":{"@type":"ImageObject","inLanguage":"es","@id":"https:\/\/www.fotocasa.es\/proyecto-vivienda\/#\/schema\/logo\/image\/","url":"https:\/\/www.fotocasa.es\/proyecto-vivienda\/wp-content\/uploads\/2022\/07\/logo-baja-1.png","contentUrl":"https:\/\/www.fotocasa.es\/proyecto-vivienda\/wp-content\/uploads\/2022\/07\/logo-baja-1.png","width":500,"height":250,"caption":"Fotocasa: Proyecto Vivienda"},"image":{"@id":"https:\/\/www.fotocasa.es\/proyecto-vivienda\/#\/schema\/logo\/image\/"}}]}},"_links":{"self":[{"href":"https:\/\/www.fotocasa.es\/proyecto-vivienda\/wp-json\/wp\/v2\/pages\/29197","targetHints":{"allow":["GET"]}}],"collection":[{"href":"https:\/\/www.fotocasa.es\/proyecto-vivienda\/wp-json\/wp\/v2\/pages"}],"about":[{"href":"https:\/\/www.fotocasa.es\/proyecto-vivienda\/wp-json\/wp\/v2\/types\/page"}],"author":[{"embeddable":true,"href":"https:\/\/www.fotocasa.es\/proyecto-vivienda\/wp-json\/wp\/v2\/users\/1"}],"replies":[{"embeddable":true,"href":"https:\/\/www.fotocasa.es\/proyecto-vivienda\/wp-json\/wp\/v2\/comments?post=29197"}],"version-history":[{"count":0,"href":"https:\/\/www.fotocasa.es\/proyecto-vivienda\/wp-json\/wp\/v2\/pages\/29197\/revisions"}],"wp:attachment":[{"href":"https:\/\/www.fotocasa.es\/proyecto-vivienda\/wp-json\/wp\/v2\/media?parent=29197"}],"curies":[{"name":"wp","href":"https:\/\/api.w.org\/{rel}","templated":true}]}}