{"id":29195,"date":"2023-08-10T07:39:33","date_gmt":"2023-08-10T07:39:33","guid":{"rendered":"https:\/\/www.fotocasa.es\/proyecto-vivienda\/?page_id=29195"},"modified":"2024-09-18T07:58:22","modified_gmt":"2024-09-18T07:58:22","slug":"ayuda-discapacidad","status":"publish","type":"page","link":"https:\/\/www.fotocasa.es\/proyecto-vivienda\/ayuda-discapacidad\/","title":{"rendered":"Iniciativas: Ayuda Discapacidad"},"content":{"rendered":"\t\t<div data-elementor-type=\"wp-page\" data-elementor-id=\"29195\" class=\"elementor elementor-29195\" data-elementor-post-type=\"page\">\n\t\t\t\t<div class=\"elementor-element elementor-element-5bbea441 banner-content e-flex e-con-boxed e-con e-parent\" data-id=\"5bbea441\" data-element_type=\"container\" data-e-type=\"container\" data-settings=\"{&quot;background_background&quot;:&quot;classic&quot;}\">\n\t\t\t\t\t<div class=\"e-con-inner\">\n\t\t<div class=\"elementor-element elementor-element-4934d96b e-con-full e-flex e-con e-child\" data-id=\"4934d96b\" data-element_type=\"container\" data-e-type=\"container\">\n\t\t\t\t<div class=\"elementor-element elementor-element-6aec3cfa header-encabezado elementor-widget__width-initial elementor-widget elementor-widget-heading\" data-id=\"6aec3cfa\" data-element_type=\"widget\" data-e-type=\"widget\" data-widget_type=\"heading.default\">\n\t\t\t\t<div class=\"elementor-widget-container\">\n\t\t\t\t\t<h1 class=\"elementor-heading-title elementor-size-default\">Queremos ayudarte a mejorar la accesibilidad de tu vivienda\n<\/h1>\t\t\t\t<\/div>\n\t\t\t\t<\/div>\n\t\t\t\t<\/div>\n\t\t<div class=\"elementor-element elementor-element-3eab909c e-con-full header-movil-img elementor-hidden-desktop elementor-hidden-tablet e-flex e-con e-child\" data-id=\"3eab909c\" data-element_type=\"container\" data-e-type=\"container\">\n\t\t\t\t<div class=\"elementor-element elementor-element-1080dd29 animated-slow elementor-invisible elementor-widget elementor-widget-image\" data-id=\"1080dd29\" data-element_type=\"widget\" data-e-type=\"widget\" data-settings=\"{&quot;_animation&quot;:&quot;fadeIn&quot;}\" data-widget_type=\"image.default\">\n\t\t\t\t<div class=\"elementor-widget-container\">\n\t\t\t\t\t\t\t\t\t\t\t\t\t\t\t<img fetchpriority=\"high\" decoding=\"async\" width=\"290\" height=\"201\" src=\"https:\/\/www.fotocasa.es\/proyecto-vivienda\/wp-content\/uploads\/2022\/08\/bg-bonojoven.png\" class=\"attachment-medium size-medium wp-image-2774\" alt=\"\" \/>\t\t\t\t\t\t\t\t\t\t\t\t\t\t\t<\/div>\n\t\t\t\t<\/div>\n\t\t\t\t<\/div>\n\t\t<div class=\"elementor-element elementor-element-498c6fef e-con-full header-desktop-img elementor-hidden-mobile e-flex e-con e-child\" data-id=\"498c6fef\" data-element_type=\"container\" data-e-type=\"container\">\n\t\t\t\t<div class=\"elementor-element elementor-element-777f782c banner-img-desktop animated-slow elementor-invisible elementor-widget elementor-widget-image\" data-id=\"777f782c\" data-element_type=\"widget\" data-e-type=\"widget\" data-settings=\"{&quot;_animation&quot;:&quot;fadeIn&quot;}\" data-widget_type=\"image.default\">\n\t\t\t\t<div class=\"elementor-widget-container\">\n\t\t\t\t\t\t\t\t\t\t\t\t\t\t\t<img decoding=\"async\" width=\"514\" height=\"454\" src=\"https:\/\/www.fotocasa.es\/proyecto-vivienda\/wp-content\/uploads\/2022\/08\/bg-test.svg\" class=\"attachment-full size-full wp-image-1505\" alt=\"\" \/>\t\t\t\t\t\t\t\t\t\t\t\t\t\t\t<\/div>\n\t\t\t\t<\/div>\n\t\t\t\t<\/div>\n\t\t\t\t\t<\/div>\n\t\t\t\t<\/div>\n\t\t<div class=\"elementor-element elementor-element-7e6c078f animated-slow e-flex e-con-boxed e-con e-parent\" data-id=\"7e6c078f\" data-element_type=\"container\" data-e-type=\"container\" data-settings=\"{&quot;background_background&quot;:&quot;classic&quot;,&quot;animation&quot;:&quot;none&quot;,&quot;animation_mobile&quot;:&quot;none&quot;}\">\n\t\t\t\t\t<div class=\"e-con-inner\">\n\t\t<div class=\"elementor-element elementor-element-7ee813a2 e-con-full animated-slow e-flex e-con e-child\" data-id=\"7ee813a2\" data-element_type=\"container\" data-e-type=\"container\" data-settings=\"{&quot;animation&quot;:&quot;none&quot;}\">\n\t\t\t\t<div class=\"elementor-element elementor-element-5f24a1e1 elementor-widget elementor-widget-image\" data-id=\"5f24a1e1\" data-element_type=\"widget\" data-e-type=\"widget\" data-widget_type=\"image.default\">\n\t\t\t\t<div class=\"elementor-widget-container\">\n\t\t\t\t\t\t\t\t\t\t\t\t\t\t\t<img decoding=\"async\" width=\"687\" height=\"430\" src=\"https:\/\/www.fotocasa.es\/proyecto-vivienda\/wp-content\/uploads\/2023\/09\/disabled-student-in-wheelchair-works-on-laptop-2022-01-18-23-55-14-utc1-e1694679620764.jpg\" class=\"attachment-large size-large wp-image-29331\" alt=\"\" \/>\t\t\t\t\t\t\t\t\t\t\t\t\t\t\t<\/div>\n\t\t\t\t<\/div>\n\t\t\t\t<\/div>\n\t\t<div class=\"elementor-element elementor-element-00afb38 e-con-full animated-slow e-flex e-con e-child\" data-id=\"00afb38\" data-element_type=\"container\" data-e-type=\"container\" data-settings=\"{&quot;animation&quot;:&quot;none&quot;}\">\n\t\t\t\t<div class=\"elementor-element elementor-element-f4f8316 elementor-widget elementor-widget-heading\" data-id=\"f4f8316\" data-element_type=\"widget\" data-e-type=\"widget\" data-widget_type=\"heading.default\">\n\t\t\t\t<div class=\"elementor-widget-container\">\n\t\t\t\t\t<h4 class=\"elementor-heading-title elementor-size-default\">AYUDA<\/h4>\t\t\t\t<\/div>\n\t\t\t\t<\/div>\n\t\t\t\t<div class=\"elementor-element elementor-element-fdd9141 elementor-widget elementor-widget-heading\" data-id=\"fdd9141\" data-element_type=\"widget\" data-e-type=\"widget\" data-widget_type=\"heading.default\">\n\t\t\t\t<div class=\"elementor-widget-container\">\n\t\t\t\t\t<h2 class=\"elementor-heading-title elementor-size-default\">Ayuda personas con discapacidad<\/h2>\t\t\t\t<\/div>\n\t\t\t\t<\/div>\n\t\t\t\t<div class=\"elementor-element elementor-element-dc41a7a elementor-widget elementor-widget-text-editor\" data-id=\"dc41a7a\" data-element_type=\"widget\" data-e-type=\"widget\" data-widget_type=\"text-editor.default\">\n\t\t\t\t<div class=\"elementor-widget-container\">\n\t\t\t\t\t\t\t\t\t<div style=\"--flex-direction: initial; --flex-wrap: initial; --justify-content: initial; --align-items: initial; --align-content: initial; --gap: initial; --flex-basis: initial; --flex-grow: initial; --flex-shrink: initial; --order: initial; --align-self: initial; flex-direction: var(--flex-direction); flex-wrap: var(--flex-wrap); -webkit-box-pack: var(--justify-content); justify-content: var(--justify-content); -webkit-box-align: var(--align-items); align-items: var(--align-items); align-content: var(--align-content); gap: var(--gap); flex-basis: var(--flex-basis); -webkit-box-flex: var(--flex-grow); flex-grow: var(--flex-grow); flex-shrink: var(--flex-shrink); -webkit-box-ordinal-group: var(--order); order: var(--order); align-self: var(--align-self); --widgets-spacing: 20px; max-width: 100%;\" data-id=\"dc001fa\" data-element_type=\"widget\" data-widget_type=\"text-editor.default\"><div style=\"height: 92px; margin: 10px 0px;\"><p><span style=\"font-weight: 400;\">Durante 2023 ofrecimos semanalmente a personas con discapacidad o personas que tengan un familiar dependiente con discapacidad una ayuda para mejorar la accesibilidad de sus viviendas.<\/span><\/p><p>\u00a0<\/p><p>Actualmente no tenemos ayudas activas, pero este 2024\u00a0 esperamos poder ayudar a muchas personas m\u00e1s.\u00a0<\/p><p style=\"font-family: var( --e-global-typography-text-font-family ), Sans-serif; font-weight: 400;\">\u00a0<\/p><\/div><\/div>\t\t\t\t\t\t\t\t<\/div>\n\t\t\t\t<\/div>\n\t\t\t\t<div class=\"elementor-element elementor-element-e1d4ed8 elementor-align-start list-items-promo elementor-icon-list--layout-traditional elementor-list-item-link-full_width elementor-widget elementor-widget-icon-list\" data-id=\"e1d4ed8\" data-element_type=\"widget\" data-e-type=\"widget\" data-widget_type=\"icon-list.default\">\n\t\t\t\t<div class=\"elementor-widget-container\">\n\t\t\t\t\t\t\t<ul class=\"elementor-icon-list-items\">\n\t\t\t\t\t\t\t<li class=\"elementor-icon-list-item\">\n\t\t\t\t\t\t\t\t\t\t<span class=\"elementor-icon-list-text\"><\/span>\n\t\t\t\t\t\t\t\t\t<\/li>\n\t\t\t\t\t\t<\/ul>\n\t\t\t\t\t\t<\/div>\n\t\t\t\t<\/div>\n\t\t\t\t<\/div>\n\t\t\t\t\t<\/div>\n\t\t\t\t<\/div>\n\t\t<div class=\"elementor-element elementor-element-82b158d fomrluario-content elementor-hidden-widescreen elementor-hidden-desktop elementor-hidden-laptop elementor-hidden-tablet_extra elementor-hidden-tablet elementor-hidden-mobile e-flex e-con-boxed e-con e-parent\" data-id=\"82b158d\" data-element_type=\"container\" data-e-type=\"container\" data-settings=\"{&quot;background_background&quot;:&quot;classic&quot;}\">\n\t\t\t\t\t<div class=\"e-con-inner\">\n\t\t<div class=\"elementor-element elementor-element-1dc4290a e-con-full promo-vaciada-text e-flex e-con e-child\" data-id=\"1dc4290a\" data-element_type=\"container\" data-e-type=\"container\">\n\t\t\t\t<div class=\"elementor-element elementor-element-55e57230 formulario-titulo elementor-widget elementor-widget-heading\" data-id=\"55e57230\" data-element_type=\"widget\" data-e-type=\"widget\" data-widget_type=\"heading.default\">\n\t\t\t\t<div class=\"elementor-widget-container\">\n\t\t\t\t\t<h4 class=\"elementor-heading-title elementor-size-default\">Formulario <br>Ayuda Personas con Discapacidad<\/h4>\t\t\t\t<\/div>\n\t\t\t\t<\/div>\n\t\t\t\t<div class=\"elementor-element elementor-element-6214984b elementor-widget elementor-widget-text-editor\" data-id=\"6214984b\" data-element_type=\"widget\" data-e-type=\"widget\" data-widget_type=\"text-editor.default\">\n\t\t\t\t<div class=\"elementor-widget-container\">\n\t\t\t\t\t\t\t\t\t<p>D\u00e9janos tu nombre, apellidos y e-mail.<\/p><p>Cada semana haremos un sorteo y nos pondremos en contacto contigo si resultas ser el ganador para validar las condiciones arriba detalladas.<\/p><p>*Consulta las <a style=\"color: #303ab2; border-bottom: 1px solid #303AB2;\" href=\"https:\/\/www.fotocasa.es\/proyecto-vivienda\/bases-legales-sorteo-ayuda-discapacidad\/\" target=\"_blank\" rel=\"noopener\">Bases legales<\/a>.<\/p>\t\t\t\t\t\t\t\t<\/div>\n\t\t\t\t<\/div>\n\t\t\t\t<\/div>\n\t\t<div class=\"elementor-element elementor-element-bcf3def e-con-full e-flex e-con e-child\" data-id=\"bcf3def\" data-element_type=\"container\" data-e-type=\"container\">\n\t\t\t\t<div class=\"elementor-element elementor-element-5e5b639f elementor-widget-tablet__width-initial premium-cf7-button-fwidth-yes elementor-widget elementor-widget-premium-contact-form\" data-id=\"5e5b639f\" data-element_type=\"widget\" data-e-type=\"widget\" data-widget_type=\"premium-contact-form.default\">\n\t\t\t\t<div class=\"elementor-widget-container\">\n\t\t\t\t\t\n\t\t\t\n\t\t\t<div class=\"premium-cf7-container\" data-settings=\"{&quot;fields_glass&quot;:&quot;none&quot;,&quot;submit_glass&quot;:&quot;none&quot;}\">\n\t\t\t\t\n<div class=\"wpcf7 no-js\" id=\"wpcf7-f29196-o1\" lang=\"en-US\" dir=\"ltr\" data-wpcf7-id=\"29196\">\n<div class=\"screen-reader-response\"><p role=\"status\" aria-live=\"polite\" aria-atomic=\"true\"><\/p> <ul><\/ul><\/div>\n<form action=\"\/wp-json\/wp\/v2\/pages\/29195#wpcf7-f29196-o1\" method=\"post\" class=\"wpcf7-form init\" aria-label=\"Contact form\" novalidate=\"novalidate\" data-status=\"init\">\n<fieldset class=\"hidden-fields-container\"><input type=\"hidden\" name=\"_wpcf7\" value=\"29196\" \/><input type=\"hidden\" name=\"_wpcf7_version\" value=\"6.1.5\" \/><input type=\"hidden\" name=\"_wpcf7_locale\" value=\"en_US\" \/><input type=\"hidden\" name=\"_wpcf7_unit_tag\" value=\"wpcf7-f29196-o1\" \/><input type=\"hidden\" name=\"_wpcf7_container_post\" value=\"0\" \/><input type=\"hidden\" name=\"_wpcf7_posted_data_hash\" value=\"\" \/>\n<\/fieldset>\n<div class=\"container-mailsent\" style=\"display:none\">\n\t<p><img decoding=\"async\" src=\"https:\/\/www.fotocasa.es\/proyecto-vivienda\/wp-content\/uploads\/2022\/08\/mail-accept.svg\" \/>\n\t<\/p>\n\t<div>\n\t\t<p><span class=\"mailsent-title\">Contacto enviado correctamente<\/span>\n\t\t<\/p>\n\t<\/div>\n\t<div>\n\t\t<p><span class=\"mailsent-text\">En unas horas deber\u00edas recibir respuesta del anunciante.<\/span>\n\t\t<\/p>\n\t<\/div>\n<\/div>\n<div class=\"form-container-promo\" id=\"form-container-promo\">\n\t<div class=\"form-name\">\n\t\t<p><label> Nombre y apellidos<br \/>\n<span class=\"wpcf7-form-control-wrap\" data-name=\"your-name\"><input size=\"40\" maxlength=\"400\" class=\"wpcf7-form-control wpcf7-text wpcf7-validates-as-required\" aria-required=\"true\" aria-invalid=\"false\" value=\"\" type=\"text\" name=\"your-name\" \/><\/span> <\/label>\n\t\t<\/p>\n\t<\/div>\n\t<div class=\"form-email\">\n\t\t<p><label> E-mail<br \/>\n<span class=\"wpcf7-form-control-wrap\" data-name=\"your-email\"><input size=\"40\" maxlength=\"400\" class=\"wpcf7-form-control wpcf7-email wpcf7-validates-as-required wpcf7-text wpcf7-validates-as-email\" aria-required=\"true\" aria-invalid=\"false\" value=\"\" type=\"email\" name=\"your-email\" \/><\/span> <\/label>\n\t\t<\/p>\n\t\t<div class=\"form-only\">\n\t\t<\/div>\n\t\t<div class=\"politica-content form-child\" id=\"form-politica\">\n\t\t\t<div>\n\t\t\t\t<p><span class=\"wpcf7-form-control-wrap\" data-name=\"politica-privacidad\"><span class=\"wpcf7-form-control wpcf7-acceptance\"><span class=\"wpcf7-list-item\"><input type=\"checkbox\" name=\"politica-privacidad\" value=\"1\" class=\"politica-privacidad\" id=\"politica-privacidad\" aria-invalid=\"false\" \/><\/span><\/span><\/span>\n\t\t\t\t<\/p>\n\t\t\t<\/div>\n\t\t\t<div id=\"politica-text\">\n\t\t\t\t<p><span>Acepto las <a style=\"color:#303AB2; border-bottom: 1px solid #303AB2; \" href=\"https:\/\/www.fotocasa.es\/proyecto-vivienda\/bases-legales-sorteo-ayuda-discapacidad\/\" target=\"_blank\">Bases legales<\/a> y la <a style=\"color:#303AB2; border-bottom: 1px solid #303AB2; \" href=\"https:\/\/www.fotocasa.es\/proyecto-vivienda\/politica-privacidad\/\" target=\"_blank\">Pol\u00edtica de privacidad<\/a><\/span>\n\t\t\t\t<\/p>\n\t\t\t<\/div>\n\t\t<\/div>\n\t\t<div class=\"btn-content form-child\" id=\"btn-content\">\n\t\t\t<p><input class=\"wpcf7-form-control wpcf7-submit has-spinner form-btn\" id=\"form-btn\" type=\"submit\" value=\"Enviar\" \/>\n\t\t\t<\/p>\n\t\t<\/div>\n\t<\/div>\n<\/div>\n<style>\n#politica-text\n{\nfont-size: 12px !important;\npadding-left: 15px !important;\n}\n#politica-text span\n{\nmargin-left: 0 !important;\n}\n<\/style><div class=\"wpcf7-response-output\" aria-hidden=\"true\"><\/div>\n<\/form>\n<\/div>\n\t\t\t<\/div>\n\n\t\t\t\t\t\t\t<\/div>\n\t\t\t\t<\/div>\n\t\t\t\t<\/div>\n\t\t\t\t\t<\/div>\n\t\t\t\t<\/div>\n\t\t\t\t<section class=\"elementor-section elementor-top-section elementor-element elementor-element-c0313cc elementor-section-content-middle elementor-reverse-mobile help-fotocasa-container elementor-section-boxed elementor-section-height-default elementor-section-height-default\" data-id=\"c0313cc\" data-element_type=\"section\" data-e-type=\"section\" id=\"iniciativas\" data-settings=\"{&quot;background_background&quot;:&quot;classic&quot;}\">\n\t\t\t\t\t\t\t<div class=\"elementor-background-overlay\"><\/div>\n\t\t\t\t\t\t\t<div class=\"elementor-container elementor-column-gap-no\">\n\t\t\t\t\t<div class=\"elementor-column elementor-col-100 elementor-top-column elementor-element elementor-element-774c3a8a container-fotocasa\" data-id=\"774c3a8a\" data-element_type=\"column\" data-e-type=\"column\">\n\t\t\t<div class=\"elementor-widget-wrap elementor-element-populated\">\n\t\t\t\t\t\t<div class=\"elementor-element elementor-element-2653d865 ayuda-fotocasa-text-content elementor-widget elementor-widget-heading\" data-id=\"2653d865\" data-element_type=\"widget\" data-e-type=\"widget\" data-widget_type=\"heading.default\">\n\t\t\t\t<div class=\"elementor-widget-container\">\n\t\t\t\t\t<h3 class=\"elementor-heading-title elementor-size-default\">Ayuda Fotocasa<\/h3>\t\t\t\t<\/div>\n\t\t\t\t<\/div>\n\t\t\t\t<div class=\"elementor-element elementor-element-1dabf882 ayuda-fotocasa-text-content elementor-widget elementor-widget-heading\" data-id=\"1dabf882\" data-element_type=\"widget\" data-e-type=\"widget\" data-widget_type=\"heading.default\">\n\t\t\t\t<div class=\"elementor-widget-container\">\n\t\t\t\t\t<p class=\"elementor-heading-title elementor-size-default\">Descubre las principales palancas que ofrece Fotocasa para ayudar a los j\u00f3venes y otros colectivos vulnerables.<\/p>\t\t\t\t<\/div>\n\t\t\t\t<\/div>\n\t\t\t\t<div class=\"elementor-element elementor-element-4fd16bec elementor-widget elementor-widget-image\" data-id=\"4fd16bec\" data-element_type=\"widget\" data-e-type=\"widget\" data-widget_type=\"image.default\">\n\t\t\t\t<div class=\"elementor-widget-container\">\n\t\t\t\t\t\t\t\t\t\t\t\t\t\t\t<img loading=\"lazy\" decoding=\"async\" width=\"144\" height=\"8\" src=\"https:\/\/www.fotocasa.es\/proyecto-vivienda\/wp-content\/uploads\/2022\/08\/ic-separator.svg\" class=\"attachment-large size-large wp-image-4089\" alt=\"\" \/>\t\t\t\t\t\t\t\t\t\t\t\t\t\t\t<\/div>\n\t\t\t\t<\/div>\n\t\t\t\t<section data-pa-eq-height=\"{&quot;targetType&quot;:&quot;custom&quot;,&quot;target&quot;:[&quot;.ayuda-card-text&quot;],&quot;trigger&quot;:&quot;load&quot;,&quot;enableOn&quot;:[&quot;desktop&quot;,&quot;tablet&quot;]}\" class=\"elementor-section elementor-inner-section elementor-element elementor-element-afb4df7 elementor-section-full_width section-card-inner elementor-section-height-min-height premium-equal-height-yes elementor-section-height-default\" data-id=\"afb4df7\" data-element_type=\"section\" data-e-type=\"section\" data-settings=\"{&quot;premium_eq_height_switcher&quot;:&quot;yes&quot;}\">\n\t\t\t\t\t\t<div class=\"elementor-container elementor-column-gap-no\">\n\t\t\t\t\t<div class=\"elementor-column elementor-col-33 elementor-inner-column elementor-element elementor-element-2de5773a card-ayuda-column\" data-id=\"2de5773a\" data-element_type=\"column\" data-e-type=\"column\" data-settings=\"{&quot;background_background&quot;:&quot;classic&quot;}\">\n\t\t\t<div class=\"elementor-widget-wrap elementor-element-populated\">\n\t\t\t\t<div class=\"elementor-element elementor-element-dd1234f e-con-full e-flex e-con e-parent\" data-id=\"dd1234f\" data-element_type=\"container\" data-e-type=\"container\" data-settings=\"{&quot;background_background&quot;:&quot;classic&quot;}\">\n\t\t\t\t<div class=\"elementor-element elementor-element-4ae6bf2c elementor-widget__width-initial ayuda-imagen elementor-widget elementor-widget-image\" data-id=\"4ae6bf2c\" data-element_type=\"widget\" data-e-type=\"widget\" data-widget_type=\"image.default\">\n\t\t\t\t<div class=\"elementor-widget-container\">\n\t\t\t\t\t\t\t\t\t\t\t\t\t\t\t<img loading=\"lazy\" decoding=\"async\" width=\"800\" height=\"447\" src=\"https:\/\/www.fotocasa.es\/proyecto-vivienda\/wp-content\/uploads\/2022\/08\/home-ayudaJoven-1-1024x572.png\" class=\"attachment-large size-large wp-image-4090\" alt=\"\" srcset=\"https:\/\/www.fotocasa.es\/proyecto-vivienda\/wp-content\/uploads\/2022\/08\/home-ayudaJoven-1-1024x572.png 1024w, https:\/\/www.fotocasa.es\/proyecto-vivienda\/wp-content\/uploads\/2022\/08\/home-ayudaJoven-1-300x168.png 300w, https:\/\/www.fotocasa.es\/proyecto-vivienda\/wp-content\/uploads\/2022\/08\/home-ayudaJoven-1-768x429.png 768w, https:\/\/www.fotocasa.es\/proyecto-vivienda\/wp-content\/uploads\/2022\/08\/home-ayudaJoven-1-1536x858.png 1536w, https:\/\/www.fotocasa.es\/proyecto-vivienda\/wp-content\/uploads\/2022\/08\/home-ayudaJoven-1.png 1575w\" sizes=\"(max-width: 800px) 100vw, 800px\" \/>\t\t\t\t\t\t\t\t\t\t\t\t\t\t\t<\/div>\n\t\t\t\t<\/div>\n\t\t\t\t<\/div>\n\t\t<div class=\"elementor-element elementor-element-6dded7c5 e-con-full container-ayuda-text e-flex e-con e-parent\" data-id=\"6dded7c5\" data-element_type=\"container\" data-e-type=\"container\" data-settings=\"{&quot;background_background&quot;:&quot;classic&quot;}\">\n\t\t\t\t<div class=\"elementor-element elementor-element-4b11da08 elementor-widget__width-initial elementor-widget elementor-widget-text-editor\" data-id=\"4b11da08\" data-element_type=\"widget\" data-e-type=\"widget\" data-widget_type=\"text-editor.default\">\n\t\t\t\t<div class=\"elementor-widget-container\">\n\t\t\t\t\t\t\t\t\tAyuda Vivienda Joven\t\t\t\t\t\t\t\t<\/div>\n\t\t\t\t<\/div>\n\t\t\t\t<div class=\"elementor-element elementor-element-b1e7c72 ayuda-card-text elementor-widget elementor-widget-text-editor\" data-id=\"b1e7c72\" data-element_type=\"widget\" data-e-type=\"widget\" data-widget_type=\"text-editor.default\">\n\t\t\t\t<div class=\"elementor-widget-container\">\n\t\t\t\t\t\t\t\t\t<p>Regalamos semanalmente&nbsp;<strong>un mes de alquiler<\/strong>&nbsp;a j\u00f3venes para facilitarles el acceso a la vivienda.<\/p><p><br><\/p>\t\t\t\t\t\t\t\t<\/div>\n\t\t\t\t<\/div>\n\t\t\t\t<div class=\"elementor-element elementor-element-5283771b read-manifester elementor-align-left elementor-widget elementor-widget-button\" data-id=\"5283771b\" data-element_type=\"widget\" data-e-type=\"widget\" data-widget_type=\"button.default\">\n\t\t\t\t<div class=\"elementor-widget-container\">\n\t\t\t\t\t\t\t\t\t<div class=\"elementor-button-wrapper\">\n\t\t\t\t\t<a class=\"elementor-button elementor-button-link elementor-size-sm\" href=\"https:\/\/www.fotocasa.es\/proyecto-vivienda\/ayuda-joven\/\">\n\t\t\t\t\t\t<span class=\"elementor-button-content-wrapper\">\n\t\t\t\t\t\t\t\t\t<span class=\"elementor-button-text\">Solic\u00edtala<\/span>\n\t\t\t\t\t<\/span>\n\t\t\t\t\t<\/a>\n\t\t\t\t<\/div>\n\t\t\t\t\t\t\t\t<\/div>\n\t\t\t\t<\/div>\n\t\t\t\t<\/div>\n\t\t\t\t\t<\/div>\n\t\t<\/div>\n\t\t\t\t<div class=\"elementor-column elementor-col-33 elementor-inner-column elementor-element elementor-element-38408660 card-ayuda-column\" data-id=\"38408660\" data-element_type=\"column\" data-e-type=\"column\" data-settings=\"{&quot;background_background&quot;:&quot;classic&quot;}\">\n\t\t\t<div class=\"elementor-widget-wrap elementor-element-populated\">\n\t\t\t\t<div class=\"elementor-element elementor-element-d7c35b7 e-con-full e-flex e-con e-parent\" data-id=\"d7c35b7\" data-element_type=\"container\" data-e-type=\"container\" data-settings=\"{&quot;background_background&quot;:&quot;classic&quot;}\">\n\t\t\t\t<div class=\"elementor-element elementor-element-698e70e2 elementor-widget__width-initial ayuda-imagen elementor-widget elementor-widget-image\" data-id=\"698e70e2\" data-element_type=\"widget\" data-e-type=\"widget\" data-widget_type=\"image.default\">\n\t\t\t\t<div class=\"elementor-widget-container\">\n\t\t\t\t\t\t\t\t\t\t\t\t\t\t\t<img loading=\"lazy\" decoding=\"async\" width=\"792\" height=\"462\" src=\"https:\/\/www.fotocasa.es\/proyecto-vivienda\/wp-content\/uploads\/2022\/08\/home-espanavaciada-1.png\" class=\"attachment-large size-large wp-image-4091\" alt=\"\" srcset=\"https:\/\/www.fotocasa.es\/proyecto-vivienda\/wp-content\/uploads\/2022\/08\/home-espanavaciada-1.png 792w, https:\/\/www.fotocasa.es\/proyecto-vivienda\/wp-content\/uploads\/2022\/08\/home-espanavaciada-1-300x175.png 300w, https:\/\/www.fotocasa.es\/proyecto-vivienda\/wp-content\/uploads\/2022\/08\/home-espanavaciada-1-768x448.png 768w\" sizes=\"(max-width: 792px) 100vw, 792px\" \/>\t\t\t\t\t\t\t\t\t\t\t\t\t\t\t<\/div>\n\t\t\t\t<\/div>\n\t\t\t\t<\/div>\n\t\t<div class=\"elementor-element elementor-element-353a0db8 e-con-full container-ayuda-text e-flex e-con e-parent\" data-id=\"353a0db8\" data-element_type=\"container\" data-e-type=\"container\" data-settings=\"{&quot;background_background&quot;:&quot;classic&quot;}\">\n\t\t\t\t<div class=\"elementor-element elementor-element-6526d632 elementor-widget__width-initial elementor-widget elementor-widget-text-editor\" data-id=\"6526d632\" data-element_type=\"widget\" data-e-type=\"widget\" data-widget_type=\"text-editor.default\">\n\t\t\t\t<div class=\"elementor-widget-container\">\n\t\t\t\t\t\t\t\t\t<p>Mapa Espa\u00f1a Vaciada<\/p>\t\t\t\t\t\t\t\t<\/div>\n\t\t\t\t<\/div>\n\t\t\t\t<div class=\"elementor-element elementor-element-3a8e7da6 ayuda-card-text elementor-widget elementor-widget-text-editor\" data-id=\"3a8e7da6\" data-element_type=\"widget\" data-e-type=\"widget\" data-widget_type=\"text-editor.default\">\n\t\t\t\t<div class=\"elementor-widget-container\">\n\t\t\t\t\t\t\t\t\t<p>El <strong>primer mapa de la Espa\u00f1a vaciada<\/strong> con los pueblos que ofrecen vivienda y preparados para ser rehabitados.<\/p><p>\u00a0<\/p>\t\t\t\t\t\t\t\t<\/div>\n\t\t\t\t<\/div>\n\t\t\t\t<div class=\"elementor-element elementor-element-34bd3da8 read-manifester elementor-align-left elementor-widget elementor-widget-button\" data-id=\"34bd3da8\" data-element_type=\"widget\" data-e-type=\"widget\" data-widget_type=\"button.default\">\n\t\t\t\t<div class=\"elementor-widget-container\">\n\t\t\t\t\t\t\t\t\t<div class=\"elementor-button-wrapper\">\n\t\t\t\t\t<a class=\"elementor-button elementor-button-link elementor-size-sm\" href=\"https:\/\/www.fotocasa.es\/proyecto-vivienda\/espana-vaciada\/\">\n\t\t\t\t\t\t<span class=\"elementor-button-content-wrapper\">\n\t\t\t\t\t\t\t\t\t<span class=\"elementor-button-text\">Ver m\u00e1s<\/span>\n\t\t\t\t\t<\/span>\n\t\t\t\t\t<\/a>\n\t\t\t\t<\/div>\n\t\t\t\t\t\t\t\t<\/div>\n\t\t\t\t<\/div>\n\t\t\t\t<\/div>\n\t\t\t\t\t<\/div>\n\t\t<\/div>\n\t\t\t\t<div class=\"elementor-column elementor-col-33 elementor-inner-column elementor-element elementor-element-67a3fbe card-ayuda-column\" data-id=\"67a3fbe\" data-element_type=\"column\" data-e-type=\"column\" data-settings=\"{&quot;background_background&quot;:&quot;classic&quot;}\">\n\t\t\t<div class=\"elementor-widget-wrap elementor-element-populated\">\n\t\t\t\t<div class=\"elementor-element elementor-element-a832ac4 e-con-full e-flex e-con e-parent\" data-id=\"a832ac4\" data-element_type=\"container\" data-e-type=\"container\" data-settings=\"{&quot;background_background&quot;:&quot;classic&quot;}\">\n\t\t\t\t<div class=\"elementor-element elementor-element-8998b68 elementor-widget__width-initial ayuda-imagen elementor-widget elementor-widget-image\" data-id=\"8998b68\" data-element_type=\"widget\" data-e-type=\"widget\" data-widget_type=\"image.default\">\n\t\t\t\t<div class=\"elementor-widget-container\">\n\t\t\t\t\t\t\t\t\t\t\t\t\t\t\t<img loading=\"lazy\" decoding=\"async\" width=\"800\" height=\"448\" src=\"https:\/\/www.fotocasa.es\/proyecto-vivienda\/wp-content\/uploads\/2022\/08\/home-ayudaMonoparental-1024x573.png\" class=\"attachment-large size-large wp-image-3405\" alt=\"\" srcset=\"https:\/\/www.fotocasa.es\/proyecto-vivienda\/wp-content\/uploads\/2022\/08\/home-ayudaMonoparental-1024x573.png 1024w, https:\/\/www.fotocasa.es\/proyecto-vivienda\/wp-content\/uploads\/2022\/08\/home-ayudaMonoparental-300x168.png 300w, https:\/\/www.fotocasa.es\/proyecto-vivienda\/wp-content\/uploads\/2022\/08\/home-ayudaMonoparental-768x429.png 768w, https:\/\/www.fotocasa.es\/proyecto-vivienda\/wp-content\/uploads\/2022\/08\/home-ayudaMonoparental-1536x859.png 1536w, https:\/\/www.fotocasa.es\/proyecto-vivienda\/wp-content\/uploads\/2022\/08\/home-ayudaMonoparental.png 1572w\" sizes=\"(max-width: 800px) 100vw, 800px\" \/>\t\t\t\t\t\t\t\t\t\t\t\t\t\t\t<\/div>\n\t\t\t\t<\/div>\n\t\t\t\t<\/div>\n\t\t<div class=\"elementor-element elementor-element-4e9ac4d e-con-full container-ayuda-text e-flex e-con e-parent\" data-id=\"4e9ac4d\" data-element_type=\"container\" data-e-type=\"container\" data-settings=\"{&quot;background_background&quot;:&quot;classic&quot;}\">\n\t\t\t\t<div class=\"elementor-element elementor-element-6604714 elementor-widget__width-initial ayuda-title elementor-widget elementor-widget-text-editor\" data-id=\"6604714\" data-element_type=\"widget\" data-e-type=\"widget\" data-widget_type=\"text-editor.default\">\n\t\t\t\t<div class=\"elementor-widget-container\">\n\t\t\t\t\t\t\t\t\t<p>Ayuda Familia Monoparental<\/p>\t\t\t\t\t\t\t\t<\/div>\n\t\t\t\t<\/div>\n\t\t\t\t<div class=\"elementor-element elementor-element-b9fbb32 ayuda-card-text elementor-widget elementor-widget-text-editor\" data-id=\"b9fbb32\" data-element_type=\"widget\" data-e-type=\"widget\" data-widget_type=\"text-editor.default\">\n\t\t\t\t<div class=\"elementor-widget-container\">\n\t\t\t\t\t\t\t\t\t<p>Regalamos semanalmente\u00a0<strong>un mes de alquiler<\/strong> a familias monoparentales para facilitarles el acceso a la vivienda.<\/p><p><span style=\"font-weight: 400;\">\u00a0<\/span><\/p>\t\t\t\t\t\t\t\t<\/div>\n\t\t\t\t<\/div>\n\t\t\t\t<div class=\"elementor-element elementor-element-2ded05e read-manifester elementor-align-left elementor-widget elementor-widget-button\" data-id=\"2ded05e\" data-element_type=\"widget\" data-e-type=\"widget\" data-analytics-event=\"1\" data-analytics-label=\"ayuda_monoparental\" data-widget_type=\"button.default\">\n\t\t\t\t<div class=\"elementor-widget-container\">\n\t\t\t\t\t\t\t\t\t<div class=\"elementor-button-wrapper\">\n\t\t\t\t\t<a class=\"elementor-button elementor-button-link elementor-size-sm\" href=\"https:\/\/www.fotocasa.es\/proyecto-vivienda\/ayuda-monoparental\/\">\n\t\t\t\t\t\t<span class=\"elementor-button-content-wrapper\">\n\t\t\t\t\t\t\t\t\t<span class=\"elementor-button-text\">Solic\u00edtala<\/span>\n\t\t\t\t\t<\/span>\n\t\t\t\t\t<\/a>\n\t\t\t\t<\/div>\n\t\t\t\t\t\t\t\t<\/div>\n\t\t\t\t<\/div>\n\t\t\t\t<\/div>\n\t\t\t\t\t<\/div>\n\t\t<\/div>\n\t\t\t\t\t<\/div>\n\t\t<\/section>\n\t\t\t\t<div class=\"elementor-element elementor-element-6c2a6387 elementor-absolute ayuda-logo-trans elementor-widget elementor-widget-image\" data-id=\"6c2a6387\" data-element_type=\"widget\" data-e-type=\"widget\" data-settings=\"{&quot;_position&quot;:&quot;absolute&quot;,&quot;motion_fx_motion_fx_scrolling&quot;:&quot;yes&quot;,&quot;motion_fx_translateY_effect&quot;:&quot;yes&quot;,&quot;motion_fx_translateY_speed&quot;:{&quot;unit&quot;:&quot;px&quot;,&quot;size&quot;:4,&quot;sizes&quot;:[]},&quot;motion_fx_translateY_affectedRange&quot;:{&quot;unit&quot;:&quot;%&quot;,&quot;size&quot;:&quot;&quot;,&quot;sizes&quot;:{&quot;start&quot;:0,&quot;end&quot;:100}},&quot;motion_fx_devices&quot;:[&quot;widescreen&quot;,&quot;desktop&quot;,&quot;laptop&quot;,&quot;tablet_extra&quot;,&quot;tablet&quot;,&quot;mobile&quot;]}\" data-widget_type=\"image.default\">\n\t\t\t\t<div class=\"elementor-widget-container\">\n\t\t\t\t\t\t\t\t\t\t\t\t\t\t\t<img loading=\"lazy\" decoding=\"async\" width=\"74\" height=\"89\" src=\"https:\/\/www.fotocasa.es\/proyecto-vivienda\/wp-content\/uploads\/2022\/08\/ic-fotocasa-1.svg\" class=\"attachment-large size-large wp-image-4093\" alt=\"\" \/>\t\t\t\t\t\t\t\t\t\t\t\t\t\t\t<\/div>\n\t\t\t\t<\/div>\n\t\t\t\t\t<\/div>\n\t\t<\/div>\n\t\t\t\t\t<\/div>\n\t\t<\/section>\n\t\t\t\t<\/div>\n\t\t","protected":false},"excerpt":{"rendered":"<p>Queremos ayudarte a mejorar la accesibilidad de tu vivienda AYUDA Ayuda personas con discapacidad Durante 2023 ofrecimos semanalmente a personas con discapacidad o personas que tengan un familiar dependiente con discapacidad una ayuda para mejorar la accesibilidad de sus viviendas. \u00a0 Actualmente no tenemos ayudas activas, pero este 2024\u00a0 esperamos poder ayudar a muchas personas [&hellip;]<\/p>\n","protected":false},"author":1,"featured_media":0,"parent":0,"menu_order":0,"comment_status":"closed","ping_status":"closed","template":"","meta":{"footnotes":""},"class_list":["post-29195","page","type-page","status-publish","hentry"],"yoast_head":"<!-- This site is optimized with the Yoast SEO plugin v27.5 - https:\/\/yoast.com\/product\/yoast-seo-wordpress\/ -->\n<title>Queremos ayudarte a mejorar la accesibilidad de tu vivienda | Fotocasa: Proyecto Vivienda<\/title>\n<meta name=\"description\" content=\"Ofrecemos semanalmente a personas con discapacidad o personas que tengan un familiar dependiente con discapacidad una ayuda para mejorar la accesibilidad de sus viviendas.\" \/>\n<meta name=\"robots\" content=\"index, follow, max-snippet:-1, max-image-preview:large, max-video-preview:-1\" \/>\n<link rel=\"canonical\" href=\"https:\/\/www.fotocasa.es\/proyecto-vivienda\/ayuda-discapacidad\/\" \/>\n<meta property=\"og:locale\" content=\"es_ES\" \/>\n<meta property=\"og:type\" content=\"article\" \/>\n<meta property=\"og:title\" content=\"Queremos ayudarte a mejorar la accesibilidad de tu vivienda | Fotocasa: Proyecto Vivienda\" \/>\n<meta property=\"og:description\" content=\"Ofrecemos semanalmente a personas con discapacidad o personas que tengan un familiar dependiente con discapacidad una ayuda para mejorar la accesibilidad de sus viviendas.\" \/>\n<meta property=\"og:url\" content=\"https:\/\/www.fotocasa.es\/proyecto-vivienda\/ayuda-discapacidad\/\" \/>\n<meta property=\"og:site_name\" content=\"Fotocasa: Proyecto Vivienda\" \/>\n<meta property=\"article:modified_time\" content=\"2024-09-18T07:58:22+00:00\" \/>\n<meta property=\"og:image\" content=\"https:\/\/www.fotocasa.es\/proyecto-vivienda\/wp-content\/uploads\/2022\/08\/bg-bonojoven.png\" \/>\n<meta name=\"twitter:card\" content=\"summary_large_image\" \/>\n<meta name=\"twitter:label1\" content=\"Tiempo de lectura\" \/>\n\t<meta name=\"twitter:data1\" content=\"3 minutos\" \/>\n<script type=\"application\/ld+json\" class=\"yoast-schema-graph\">{\"@context\":\"https:\\\/\\\/schema.org\",\"@graph\":[{\"@type\":\"WebPage\",\"@id\":\"https:\\\/\\\/www.fotocasa.es\\\/proyecto-vivienda\\\/ayuda-discapacidad\\\/\",\"url\":\"https:\\\/\\\/www.fotocasa.es\\\/proyecto-vivienda\\\/ayuda-discapacidad\\\/\",\"name\":\"Queremos ayudarte a mejorar la accesibilidad de tu vivienda | Fotocasa: Proyecto Vivienda\",\"isPartOf\":{\"@id\":\"https:\\\/\\\/www.fotocasa.es\\\/proyecto-vivienda\\\/#website\"},\"primaryImageOfPage\":{\"@id\":\"https:\\\/\\\/www.fotocasa.es\\\/proyecto-vivienda\\\/ayuda-discapacidad\\\/#primaryimage\"},\"image\":{\"@id\":\"https:\\\/\\\/www.fotocasa.es\\\/proyecto-vivienda\\\/ayuda-discapacidad\\\/#primaryimage\"},\"thumbnailUrl\":\"https:\\\/\\\/www.fotocasa.es\\\/proyecto-vivienda\\\/wp-content\\\/uploads\\\/2022\\\/08\\\/bg-bonojoven.png\",\"datePublished\":\"2023-08-10T07:39:33+00:00\",\"dateModified\":\"2024-09-18T07:58:22+00:00\",\"description\":\"Ofrecemos semanalmente a personas con discapacidad o personas que tengan un familiar dependiente con discapacidad una ayuda para mejorar la accesibilidad de sus viviendas.\",\"breadcrumb\":{\"@id\":\"https:\\\/\\\/www.fotocasa.es\\\/proyecto-vivienda\\\/ayuda-discapacidad\\\/#breadcrumb\"},\"inLanguage\":\"es\",\"potentialAction\":[{\"@type\":\"ReadAction\",\"target\":[\"https:\\\/\\\/www.fotocasa.es\\\/proyecto-vivienda\\\/ayuda-discapacidad\\\/\"]}]},{\"@type\":\"ImageObject\",\"inLanguage\":\"es\",\"@id\":\"https:\\\/\\\/www.fotocasa.es\\\/proyecto-vivienda\\\/ayuda-discapacidad\\\/#primaryimage\",\"url\":\"https:\\\/\\\/www.fotocasa.es\\\/proyecto-vivienda\\\/wp-content\\\/uploads\\\/2022\\\/08\\\/bg-bonojoven.png\",\"contentUrl\":\"https:\\\/\\\/www.fotocasa.es\\\/proyecto-vivienda\\\/wp-content\\\/uploads\\\/2022\\\/08\\\/bg-bonojoven.png\",\"width\":290,\"height\":201},{\"@type\":\"BreadcrumbList\",\"@id\":\"https:\\\/\\\/www.fotocasa.es\\\/proyecto-vivienda\\\/ayuda-discapacidad\\\/#breadcrumb\",\"itemListElement\":[{\"@type\":\"ListItem\",\"position\":1,\"name\":\"Home\",\"item\":\"https:\\\/\\\/www.fotocasa.es\\\/proyecto-vivienda\\\/\"},{\"@type\":\"ListItem\",\"position\":2,\"name\":\"Iniciativas: Ayuda Discapacidad\"}]},{\"@type\":\"WebSite\",\"@id\":\"https:\\\/\\\/www.fotocasa.es\\\/proyecto-vivienda\\\/#website\",\"url\":\"https:\\\/\\\/www.fotocasa.es\\\/proyecto-vivienda\\\/\",\"name\":\"Fotocasa: Proyecto Vivienda\",\"description\":\"Una iniciativa para ayudar a los j\u00f3venes y otros colectivos con ayudas, herramientas e informaci\u00f3n para ayudar a acceder a la vivienda a quien m\u00e1s lo necesita.\",\"publisher\":{\"@id\":\"https:\\\/\\\/www.fotocasa.es\\\/proyecto-vivienda\\\/#organization\"},\"potentialAction\":[{\"@type\":\"SearchAction\",\"target\":{\"@type\":\"EntryPoint\",\"urlTemplate\":\"https:\\\/\\\/www.fotocasa.es\\\/proyecto-vivienda\\\/?s={search_term_string}\"},\"query-input\":{\"@type\":\"PropertyValueSpecification\",\"valueRequired\":true,\"valueName\":\"search_term_string\"}}],\"inLanguage\":\"es\"},{\"@type\":\"Organization\",\"@id\":\"https:\\\/\\\/www.fotocasa.es\\\/proyecto-vivienda\\\/#organization\",\"name\":\"Fotocasa: Proyecto Vivienda\",\"url\":\"https:\\\/\\\/www.fotocasa.es\\\/proyecto-vivienda\\\/\",\"logo\":{\"@type\":\"ImageObject\",\"inLanguage\":\"es\",\"@id\":\"https:\\\/\\\/www.fotocasa.es\\\/proyecto-vivienda\\\/#\\\/schema\\\/logo\\\/image\\\/\",\"url\":\"https:\\\/\\\/www.fotocasa.es\\\/proyecto-vivienda\\\/wp-content\\\/uploads\\\/2022\\\/07\\\/logo-baja-1.png\",\"contentUrl\":\"https:\\\/\\\/www.fotocasa.es\\\/proyecto-vivienda\\\/wp-content\\\/uploads\\\/2022\\\/07\\\/logo-baja-1.png\",\"width\":500,\"height\":250,\"caption\":\"Fotocasa: Proyecto Vivienda\"},\"image\":{\"@id\":\"https:\\\/\\\/www.fotocasa.es\\\/proyecto-vivienda\\\/#\\\/schema\\\/logo\\\/image\\\/\"}}]}<\/script>\n<!-- \/ Yoast SEO plugin. -->","yoast_head_json":{"title":"Queremos ayudarte a mejorar la accesibilidad de tu vivienda | Fotocasa: Proyecto Vivienda","description":"Ofrecemos semanalmente a personas con discapacidad o personas que tengan un familiar dependiente con discapacidad una ayuda para mejorar la accesibilidad de sus viviendas.","robots":{"index":"index","follow":"follow","max-snippet":"max-snippet:-1","max-image-preview":"max-image-preview:large","max-video-preview":"max-video-preview:-1"},"canonical":"https:\/\/www.fotocasa.es\/proyecto-vivienda\/ayuda-discapacidad\/","og_locale":"es_ES","og_type":"article","og_title":"Queremos ayudarte a mejorar la accesibilidad de tu vivienda | Fotocasa: Proyecto Vivienda","og_description":"Ofrecemos semanalmente a personas con discapacidad o personas que tengan un familiar dependiente con discapacidad una ayuda para mejorar la accesibilidad de sus viviendas.","og_url":"https:\/\/www.fotocasa.es\/proyecto-vivienda\/ayuda-discapacidad\/","og_site_name":"Fotocasa: Proyecto Vivienda","article_modified_time":"2024-09-18T07:58:22+00:00","og_image":[{"url":"https:\/\/www.fotocasa.es\/proyecto-vivienda\/wp-content\/uploads\/2022\/08\/bg-bonojoven.png","type":"","width":"","height":""}],"twitter_card":"summary_large_image","twitter_misc":{"Tiempo de lectura":"3 minutos"},"schema":{"@context":"https:\/\/schema.org","@graph":[{"@type":"WebPage","@id":"https:\/\/www.fotocasa.es\/proyecto-vivienda\/ayuda-discapacidad\/","url":"https:\/\/www.fotocasa.es\/proyecto-vivienda\/ayuda-discapacidad\/","name":"Queremos ayudarte a mejorar la accesibilidad de tu vivienda | Fotocasa: Proyecto Vivienda","isPartOf":{"@id":"https:\/\/www.fotocasa.es\/proyecto-vivienda\/#website"},"primaryImageOfPage":{"@id":"https:\/\/www.fotocasa.es\/proyecto-vivienda\/ayuda-discapacidad\/#primaryimage"},"image":{"@id":"https:\/\/www.fotocasa.es\/proyecto-vivienda\/ayuda-discapacidad\/#primaryimage"},"thumbnailUrl":"https:\/\/www.fotocasa.es\/proyecto-vivienda\/wp-content\/uploads\/2022\/08\/bg-bonojoven.png","datePublished":"2023-08-10T07:39:33+00:00","dateModified":"2024-09-18T07:58:22+00:00","description":"Ofrecemos semanalmente a personas con discapacidad o personas que tengan un familiar dependiente con discapacidad una ayuda para mejorar la accesibilidad de sus viviendas.","breadcrumb":{"@id":"https:\/\/www.fotocasa.es\/proyecto-vivienda\/ayuda-discapacidad\/#breadcrumb"},"inLanguage":"es","potentialAction":[{"@type":"ReadAction","target":["https:\/\/www.fotocasa.es\/proyecto-vivienda\/ayuda-discapacidad\/"]}]},{"@type":"ImageObject","inLanguage":"es","@id":"https:\/\/www.fotocasa.es\/proyecto-vivienda\/ayuda-discapacidad\/#primaryimage","url":"https:\/\/www.fotocasa.es\/proyecto-vivienda\/wp-content\/uploads\/2022\/08\/bg-bonojoven.png","contentUrl":"https:\/\/www.fotocasa.es\/proyecto-vivienda\/wp-content\/uploads\/2022\/08\/bg-bonojoven.png","width":290,"height":201},{"@type":"BreadcrumbList","@id":"https:\/\/www.fotocasa.es\/proyecto-vivienda\/ayuda-discapacidad\/#breadcrumb","itemListElement":[{"@type":"ListItem","position":1,"name":"Home","item":"https:\/\/www.fotocasa.es\/proyecto-vivienda\/"},{"@type":"ListItem","position":2,"name":"Iniciativas: Ayuda Discapacidad"}]},{"@type":"WebSite","@id":"https:\/\/www.fotocasa.es\/proyecto-vivienda\/#website","url":"https:\/\/www.fotocasa.es\/proyecto-vivienda\/","name":"Fotocasa: Proyecto Vivienda","description":"Una iniciativa para ayudar a los j\u00f3venes y otros colectivos con ayudas, herramientas e informaci\u00f3n para ayudar a acceder a la vivienda a quien m\u00e1s lo necesita.","publisher":{"@id":"https:\/\/www.fotocasa.es\/proyecto-vivienda\/#organization"},"potentialAction":[{"@type":"SearchAction","target":{"@type":"EntryPoint","urlTemplate":"https:\/\/www.fotocasa.es\/proyecto-vivienda\/?s={search_term_string}"},"query-input":{"@type":"PropertyValueSpecification","valueRequired":true,"valueName":"search_term_string"}}],"inLanguage":"es"},{"@type":"Organization","@id":"https:\/\/www.fotocasa.es\/proyecto-vivienda\/#organization","name":"Fotocasa: Proyecto Vivienda","url":"https:\/\/www.fotocasa.es\/proyecto-vivienda\/","logo":{"@type":"ImageObject","inLanguage":"es","@id":"https:\/\/www.fotocasa.es\/proyecto-vivienda\/#\/schema\/logo\/image\/","url":"https:\/\/www.fotocasa.es\/proyecto-vivienda\/wp-content\/uploads\/2022\/07\/logo-baja-1.png","contentUrl":"https:\/\/www.fotocasa.es\/proyecto-vivienda\/wp-content\/uploads\/2022\/07\/logo-baja-1.png","width":500,"height":250,"caption":"Fotocasa: Proyecto Vivienda"},"image":{"@id":"https:\/\/www.fotocasa.es\/proyecto-vivienda\/#\/schema\/logo\/image\/"}}]}},"_links":{"self":[{"href":"https:\/\/www.fotocasa.es\/proyecto-vivienda\/wp-json\/wp\/v2\/pages\/29195","targetHints":{"allow":["GET"]}}],"collection":[{"href":"https:\/\/www.fotocasa.es\/proyecto-vivienda\/wp-json\/wp\/v2\/pages"}],"about":[{"href":"https:\/\/www.fotocasa.es\/proyecto-vivienda\/wp-json\/wp\/v2\/types\/page"}],"author":[{"embeddable":true,"href":"https:\/\/www.fotocasa.es\/proyecto-vivienda\/wp-json\/wp\/v2\/users\/1"}],"replies":[{"embeddable":true,"href":"https:\/\/www.fotocasa.es\/proyecto-vivienda\/wp-json\/wp\/v2\/comments?post=29195"}],"version-history":[{"count":0,"href":"https:\/\/www.fotocasa.es\/proyecto-vivienda\/wp-json\/wp\/v2\/pages\/29195\/revisions"}],"wp:attachment":[{"href":"https:\/\/www.fotocasa.es\/proyecto-vivienda\/wp-json\/wp\/v2\/media?parent=29195"}],"curies":[{"name":"wp","href":"https:\/\/api.w.org\/{rel}","templated":true}]}}